{"id":790,"date":"2025-02-19T09:13:59","date_gmt":"2025-02-19T09:13:59","guid":{"rendered":"https:\/\/blastprocessor.de\/fahrfair\/?page_id=790"},"modified":"2026-04-28T14:01:54","modified_gmt":"2026-04-28T14:01:54","slug":"ueber-uns","status":"publish","type":"page","link":"https:\/\/fahrfair-herford.de\/index.php\/ueber-uns\/","title":{"rendered":"\u00dcber uns"},"content":{"rendered":"\t\t<div data-elementor-type=\"wp-page\" data-elementor-id=\"790\" class=\"elementor elementor-790\" data-elementor-post-type=\"page\">\n\t\t\t\t<div class=\"elementor-element elementor-element-eefe400 e-flex e-con-boxed e-con e-parent\" data-id=\"eefe400\" data-element_type=\"container\" data-e-type=\"container\" data-settings=\"{&quot;background_background&quot;:&quot;classic&quot;}\">\n\t\t\t\t\t<div class=\"e-con-inner\">\n\t\t\t\t<div class=\"elementor-element elementor-element-8218e22 elementor-widget elementor-widget-heading\" data-id=\"8218e22\" data-element_type=\"widget\" data-e-type=\"widget\" data-widget_type=\"heading.default\">\n\t\t\t\t<div class=\"elementor-widget-container\">\n\t\t\t\t\t<h2 class=\"elementor-heading-title elementor-size-default\">Unser Werdegang<\/h2>\t\t\t\t<\/div>\n\t\t\t\t<\/div>\n\t\t<div class=\"elementor-element elementor-element-bea4fb2 e-con-full e-flex e-con e-child\" data-id=\"bea4fb2\" data-element_type=\"container\" data-e-type=\"container\">\n\t\t\t\t<div class=\"elementor-element elementor-element-41bf620 elementor-widget__width-initial elementor-widget elementor-widget-image\" data-id=\"41bf620\" data-element_type=\"widget\" data-e-type=\"widget\" data-widget_type=\"image.default\">\n\t\t\t\t<div class=\"elementor-widget-container\">\n\t\t\t\t\t\t\t\t\t\t\t\t\t\t\t\t<a href=\"https:\/\/fahrfair-herford.de\/wp-content\/uploads\/2025\/02\/Bild-7.jpg\" data-elementor-open-lightbox=\"yes\" data-elementor-lightbox-title=\"Zeitungsausschnitt FahrFair\" data-e-action-hash=\"#elementor-action%3Aaction%3Dlightbox%26settings%3DeyJpZCI6ODAzLCJ1cmwiOiJodHRwczpcL1wvZmFocmZhaXItaGVyZm9yZC5kZVwvd3AtY29udGVudFwvdXBsb2Fkc1wvMjAyNVwvMDJcL0JpbGQtNy5qcGcifQ%3D%3D\">\n\t\t\t\t\t\t\t<img fetchpriority=\"high\" decoding=\"async\" width=\"641\" height=\"1024\" src=\"https:\/\/fahrfair-herford.de\/wp-content\/uploads\/2025\/02\/Bild-7-641x1024.jpg\" class=\"attachment-large size-large wp-image-803\" alt=\"\" srcset=\"https:\/\/fahrfair-herford.de\/wp-content\/uploads\/2025\/02\/Bild-7-641x1024.jpg 641w, https:\/\/fahrfair-herford.de\/wp-content\/uploads\/2025\/02\/Bild-7-188x300.jpg 188w, https:\/\/fahrfair-herford.de\/wp-content\/uploads\/2025\/02\/Bild-7.jpg 702w\" sizes=\"(max-width: 641px) 100vw, 641px\" \/>\t\t\t\t\t\t\t\t<\/a>\n\t\t\t\t\t\t\t\t\t\t\t\t\t\t\t<\/div>\n\t\t\t\t<\/div>\n\t\t\t\t<div class=\"elementor-element elementor-element-2528852 elementor-widget elementor-widget-text-editor\" data-id=\"2528852\" data-element_type=\"widget\" data-e-type=\"widget\" data-widget_type=\"text-editor.default\">\n\t\t\t\t<div class=\"elementor-widget-container\">\n\t\t\t\t\t\t\t\t\t<p>Am 03.01.2011 wurde Fahr Fair offiziell gegr\u00fcndet.<br \/>Das ist nun schon fast 14 Jahre her.<br \/>An die Anfangszeiten erinnert dieser kleine Zeitungsausschnitt.<\/p><p>\u201cChef stellt auch Behinderte ein\u201d war damals f\u00fcr viele \u00fcberraschend. Und auch heute noch wundern sich viele, wie dies vereinbar ist. Wir k\u00f6nnen sagen, dass wir es nicht anders haben wollen w\u00fcrden und jedes Team-Mitglied unfassbar sch\u00e4tzen.<\/p><p>Unsere h\u00f6chste Priorit\u00e4t war es aber von Tag 1 an unseren Kunden das Rundum-Sorglos Paket zu erm\u00f6glichen und das zu einem fairen Preis. Daher auch der Name \ud83d\ude09 Das Einzige was sich hier ge\u00e4ndert hat ist die Vielfalt unseres Angebotes, welches sich nat\u00fcrlich an die neuesten Entwicklungen angepasst hat.<\/p>\t\t\t\t\t\t\t\t<\/div>\n\t\t\t\t<\/div>\n\t\t\t\t<\/div>\n\t\t\t\t\t<\/div>\n\t\t\t\t<\/div>\n\t\t<div class=\"elementor-element elementor-element-0115859 e-flex e-con-boxed e-con e-parent\" data-id=\"0115859\" data-element_type=\"container\" data-e-type=\"container\">\n\t\t\t\t\t<div class=\"e-con-inner\">\n\t\t\t\t<div class=\"elementor-element elementor-element-50cfaa1 elementor-widget elementor-widget-text-editor\" data-id=\"50cfaa1\" data-element_type=\"widget\" data-e-type=\"widget\" data-widget_type=\"text-editor.default\">\n\t\t\t\t<div class=\"elementor-widget-container\">\n\t\t\t\t\t\t\t\t\t<p>Auch unsere Werkstatt hat sich ganz sch\u00f6n ver\u00e4ndert!<br \/>Klick auf den Pfeil, um ein aktuelles Bild zu sehen.<\/p>\t\t\t\t\t\t\t\t<\/div>\n\t\t\t\t<\/div>\n\t\t\t\t<div class=\"elementor-element elementor-element-488f0b0 elementor-arrows-position-inside elementor-widget elementor-widget-image-carousel\" data-id=\"488f0b0\" data-element_type=\"widget\" data-e-type=\"widget\" data-settings=\"{&quot;slides_to_show&quot;:&quot;1&quot;,&quot;navigation&quot;:&quot;arrows&quot;,&quot;autoplay&quot;:&quot;yes&quot;,&quot;pause_on_hover&quot;:&quot;yes&quot;,&quot;pause_on_interaction&quot;:&quot;yes&quot;,&quot;autoplay_speed&quot;:5000,&quot;infinite&quot;:&quot;yes&quot;,&quot;effect&quot;:&quot;slide&quot;,&quot;speed&quot;:500}\" data-widget_type=\"image-carousel.default\">\n\t\t\t\t<div class=\"elementor-widget-container\">\n\t\t\t\t\t\t\t<div class=\"elementor-image-carousel-wrapper swiper\" role=\"region\" aria-roledescription=\"carousel\" aria-label=\"Bild Karussell\" dir=\"ltr\">\n\t\t\t<div class=\"elementor-image-carousel swiper-wrapper\" aria-live=\"off\">\n\t\t\t\t\t\t\t\t<div class=\"swiper-slide\" role=\"group\" aria-roledescription=\"slide\" aria-label=\"1 von 2\"><figure class=\"swiper-slide-inner\"><img decoding=\"async\" class=\"swiper-slide-image\" src=\"https:\/\/fahrfair-herford.de\/wp-content\/uploads\/2025\/02\/Bild-8.1.png\" alt=\"Bild 8.1\" \/><\/figure><\/div><div class=\"swiper-slide\" role=\"group\" aria-roledescription=\"slide\" aria-label=\"2 von 2\"><figure class=\"swiper-slide-inner\"><img decoding=\"async\" class=\"swiper-slide-image\" src=\"https:\/\/fahrfair-herford.de\/wp-content\/uploads\/2025\/02\/Bild-8.2.png\" alt=\"Bild 8.2\" \/><\/figure><\/div>\t\t\t<\/div>\n\t\t\t\t\t\t\t\t\t\t\t\t<div class=\"elementor-swiper-button elementor-swiper-button-prev\" role=\"button\" tabindex=\"0\">\n\t\t\t\t\t\t<svg aria-hidden=\"true\" class=\"e-font-icon-svg e-eicon-chevron-left\" viewBox=\"0 0 1000 1000\" xmlns=\"http:\/\/www.w3.org\/2000\/svg\"><path d=\"M646 125C629 125 613 133 604 142L308 442C296 454 292 471 292 487 292 504 296 521 308 533L604 854C617 867 629 875 646 875 663 875 679 871 692 858 704 846 713 829 713 812 713 796 708 779 692 767L438 487 692 225C700 217 708 204 708 187 708 171 704 154 692 142 675 129 663 125 646 125Z\"><\/path><\/svg>\t\t\t\t\t<\/div>\n\t\t\t\t\t<div class=\"elementor-swiper-button elementor-swiper-button-next\" role=\"button\" tabindex=\"0\">\n\t\t\t\t\t\t<svg aria-hidden=\"true\" class=\"e-font-icon-svg e-eicon-chevron-right\" viewBox=\"0 0 1000 1000\" xmlns=\"http:\/\/www.w3.org\/2000\/svg\"><path d=\"M696 533C708 521 713 504 713 487 713 471 708 454 696 446L400 146C388 133 375 125 354 125 338 125 325 129 313 142 300 154 292 171 292 187 292 204 296 221 308 233L563 492 304 771C292 783 288 800 288 817 288 833 296 850 308 863 321 871 338 875 354 875 371 875 388 867 400 854L696 533Z\"><\/path><\/svg>\t\t\t\t\t<\/div>\n\t\t\t\t\n\t\t\t\t\t\t\t\t\t<\/div>\n\t\t\t\t\t\t<\/div>\n\t\t\t\t<\/div>\n\t\t\t\t\t<\/div>\n\t\t\t\t<\/div>\n\t\t<div class=\"elementor-element elementor-element-b16b274 e-flex e-con-boxed e-con e-parent\" data-id=\"b16b274\" data-element_type=\"container\" data-e-type=\"container\" data-settings=\"{&quot;background_background&quot;:&quot;classic&quot;}\">\n\t\t\t\t\t<div class=\"e-con-inner\">\n\t\t\t\t<div class=\"elementor-element elementor-element-0d5d0ba elementor-widget elementor-widget-heading\" data-id=\"0d5d0ba\" data-element_type=\"widget\" data-e-type=\"widget\" data-widget_type=\"heading.default\">\n\t\t\t\t<div class=\"elementor-widget-container\">\n\t\t\t\t\t<h2 class=\"elementor-heading-title elementor-size-default\">Unsere Philosophie<\/h2>\t\t\t\t<\/div>\n\t\t\t\t<\/div>\n\t\t\t\t<div class=\"elementor-element elementor-element-78bad7e elementor-widget elementor-widget-text-editor\" data-id=\"78bad7e\" data-element_type=\"widget\" data-e-type=\"widget\" data-widget_type=\"text-editor.default\">\n\t\t\t\t<div class=\"elementor-widget-container\">\n\t\t\t\t\t\t\t\t\t<p>Der Name FahrFair soll nicht nur das faire Verh\u00e4ltnis zu unseren Kunden, sondern auch<br \/>zu unseren Mitarbeitern widerspiegeln.<\/p><p>Von unseren mittlerweile 8 Angestellten sind 3 von einer Behinderung betroffen. Der<br \/>soziale Aspekt dahinter st\u00e4rkt nicht nur unsere Mitarbeiter, sondern spiegelt sich auch<br \/>im gesamten Teamgeist wider.<\/p><p>Wir scheuen uns nicht vor Neuerungen und Wandlungen, wir sind auf jede dieser gespannt.<\/p><p>Jeder einzelne Mitarbeiter wird entsprechend seiner F\u00e4higkeiten und Kenntnisse eingesetzt, um das beste Ergebnis f\u00fcr Dich als Kunde zu erreichen. Von der unverbindlichen Beratung \u00fcber die gemeinsame Entscheidung, in welchem Umfang Dein Fahrzeug instandgesetzt werden soll.<\/p><p>Bei uns bist Du Teil des Teams \u2013 das nennen wir FahrFair<\/p>\t\t\t\t\t\t\t\t<\/div>\n\t\t\t\t<\/div>\n\t\t<div class=\"elementor-element elementor-element-ad0dca4 e-grid e-con-full e-con e-child\" data-id=\"ad0dca4\" data-element_type=\"container\" data-e-type=\"container\">\n\t\t\t\t<div class=\"elementor-element elementor-element-9b761c9 elementor-widget elementor-widget-image\" data-id=\"9b761c9\" data-element_type=\"widget\" data-e-type=\"widget\" data-widget_type=\"image.default\">\n\t\t\t\t<div class=\"elementor-widget-container\">\n\t\t\t\t\t\t\t\t\t\t\t\t\t\t\t<img decoding=\"async\" width=\"800\" height=\"800\" src=\"https:\/\/fahrfair-herford.de\/wp-content\/uploads\/2025\/02\/1-1024x1024.png\" class=\"attachment-large size-large wp-image-813\" alt=\"\" srcset=\"https:\/\/fahrfair-herford.de\/wp-content\/uploads\/2025\/02\/1-1024x1024.png 1024w, https:\/\/fahrfair-herford.de\/wp-content\/uploads\/2025\/02\/1-300x300.png 300w, https:\/\/fahrfair-herford.de\/wp-content\/uploads\/2025\/02\/1-150x150.png 150w, https:\/\/fahrfair-herford.de\/wp-content\/uploads\/2025\/02\/1-768x768.png 768w, https:\/\/fahrfair-herford.de\/wp-content\/uploads\/2025\/02\/1.png 1080w\" sizes=\"(max-width: 800px) 100vw, 800px\" \/>\t\t\t\t\t\t\t\t\t\t\t\t\t\t\t<\/div>\n\t\t\t\t<\/div>\n\t\t\t\t<div class=\"elementor-element elementor-element-befe099 elementor-widget elementor-widget-image\" data-id=\"befe099\" data-element_type=\"widget\" data-e-type=\"widget\" data-widget_type=\"image.default\">\n\t\t\t\t<div class=\"elementor-widget-container\">\n\t\t\t\t\t\t\t\t\t\t\t\t\t\t\t<img decoding=\"async\" width=\"800\" height=\"800\" src=\"https:\/\/fahrfair-herford.de\/wp-content\/uploads\/2025\/02\/2-1024x1024.png\" class=\"attachment-large size-large wp-image-814\" alt=\"\" srcset=\"https:\/\/fahrfair-herford.de\/wp-content\/uploads\/2025\/02\/2-1024x1024.png 1024w, https:\/\/fahrfair-herford.de\/wp-content\/uploads\/2025\/02\/2-300x300.png 300w, https:\/\/fahrfair-herford.de\/wp-content\/uploads\/2025\/02\/2-150x150.png 150w, https:\/\/fahrfair-herford.de\/wp-content\/uploads\/2025\/02\/2-768x768.png 768w, https:\/\/fahrfair-herford.de\/wp-content\/uploads\/2025\/02\/2.png 1080w\" sizes=\"(max-width: 800px) 100vw, 800px\" \/>\t\t\t\t\t\t\t\t\t\t\t\t\t\t\t<\/div>\n\t\t\t\t<\/div>\n\t\t\t\t<div class=\"elementor-element elementor-element-607d8ff elementor-widget elementor-widget-image\" data-id=\"607d8ff\" data-element_type=\"widget\" data-e-type=\"widget\" data-widget_type=\"image.default\">\n\t\t\t\t<div class=\"elementor-widget-container\">\n\t\t\t\t\t\t\t\t\t\t\t\t\t\t\t<img loading=\"lazy\" decoding=\"async\" width=\"800\" height=\"800\" src=\"https:\/\/fahrfair-herford.de\/wp-content\/uploads\/2025\/02\/3-1024x1024.png\" class=\"attachment-large size-large wp-image-815\" alt=\"\" srcset=\"https:\/\/fahrfair-herford.de\/wp-content\/uploads\/2025\/02\/3-1024x1024.png 1024w, https:\/\/fahrfair-herford.de\/wp-content\/uploads\/2025\/02\/3-300x300.png 300w, https:\/\/fahrfair-herford.de\/wp-content\/uploads\/2025\/02\/3-150x150.png 150w, https:\/\/fahrfair-herford.de\/wp-content\/uploads\/2025\/02\/3-768x768.png 768w, https:\/\/fahrfair-herford.de\/wp-content\/uploads\/2025\/02\/3.png 1080w\" sizes=\"(max-width: 800px) 100vw, 800px\" \/>\t\t\t\t\t\t\t\t\t\t\t\t\t\t\t<\/div>\n\t\t\t\t<\/div>\n\t\t\t\t<\/div>\n\t\t\t\t\t<\/div>\n\t\t\t\t<\/div>\n\t\t<div class=\"elementor-element elementor-element-76e998c e-flex e-con-boxed e-con e-parent\" data-id=\"76e998c\" data-element_type=\"container\" data-e-type=\"container\">\n\t\t\t\t\t<div class=\"e-con-inner\">\n\t\t\t\t<div class=\"elementor-element elementor-element-6efff3e elementor-widget elementor-widget-heading\" data-id=\"6efff3e\" data-element_type=\"widget\" data-e-type=\"widget\" data-widget_type=\"heading.default\">\n\t\t\t\t<div class=\"elementor-widget-container\">\n\t\t\t\t\t<h2 class=\"elementor-heading-title elementor-size-default\">Unser Team<\/h2>\t\t\t\t<\/div>\n\t\t\t\t<\/div>\n\t\t<div class=\"elementor-element elementor-element-5bd5d70 e-grid e-con-full e-con e-child\" data-id=\"5bd5d70\" data-element_type=\"container\" data-e-type=\"container\">\n\t\t\t\t<div class=\"elementor-element elementor-element-5978919 elementor-widget elementor-widget-image\" data-id=\"5978919\" data-element_type=\"widget\" data-e-type=\"widget\" data-widget_type=\"image.default\">\n\t\t\t\t<div class=\"elementor-widget-container\">\n\t\t\t\t\t\t\t\t\t\t\t\t<figure class=\"wp-caption\">\n\t\t\t\t\t\t\t\t\t\t<img loading=\"lazy\" decoding=\"async\" width=\"800\" height=\"800\" src=\"https:\/\/fahrfair-herford.de\/wp-content\/uploads\/2026\/04\/TOM-1024x1024.png\" class=\"attachment-large size-large wp-image-1258\" alt=\"\" srcset=\"https:\/\/fahrfair-herford.de\/wp-content\/uploads\/2026\/04\/TOM-1024x1024.png 1024w, https:\/\/fahrfair-herford.de\/wp-content\/uploads\/2026\/04\/TOM-300x300.png 300w, https:\/\/fahrfair-herford.de\/wp-content\/uploads\/2026\/04\/TOM-150x150.png 150w, https:\/\/fahrfair-herford.de\/wp-content\/uploads\/2026\/04\/TOM-768x768.png 768w, https:\/\/fahrfair-herford.de\/wp-content\/uploads\/2026\/04\/TOM-1536x1536.png 1536w, https:\/\/fahrfair-herford.de\/wp-content\/uploads\/2026\/04\/TOM-2048x2048.png 2048w\" sizes=\"(max-width: 800px) 100vw, 800px\" \/>\t\t\t\t\t\t\t\t\t\t\t<figcaption class=\"widget-image-caption wp-caption-text\">Tom<\/figcaption>\n\t\t\t\t\t\t\t\t\t\t<\/figure>\n\t\t\t\t\t\t\t\t\t<\/div>\n\t\t\t\t<\/div>\n\t\t\t\t<div class=\"elementor-element elementor-element-fc25567 elementor-widget elementor-widget-image\" data-id=\"fc25567\" data-element_type=\"widget\" data-e-type=\"widget\" data-widget_type=\"image.default\">\n\t\t\t\t<div class=\"elementor-widget-container\">\n\t\t\t\t\t\t\t\t\t\t\t\t<figure class=\"wp-caption\">\n\t\t\t\t\t\t\t\t\t\t<img loading=\"lazy\" decoding=\"async\" width=\"800\" height=\"800\" src=\"https:\/\/fahrfair-herford.de\/wp-content\/uploads\/2026\/04\/SASKIA-1024x1024.png\" class=\"attachment-large size-large wp-image-1256\" alt=\"\" srcset=\"https:\/\/fahrfair-herford.de\/wp-content\/uploads\/2026\/04\/SASKIA-1024x1024.png 1024w, https:\/\/fahrfair-herford.de\/wp-content\/uploads\/2026\/04\/SASKIA-300x300.png 300w, https:\/\/fahrfair-herford.de\/wp-content\/uploads\/2026\/04\/SASKIA-150x150.png 150w, https:\/\/fahrfair-herford.de\/wp-content\/uploads\/2026\/04\/SASKIA-768x768.png 768w, https:\/\/fahrfair-herford.de\/wp-content\/uploads\/2026\/04\/SASKIA-1536x1536.png 1536w, https:\/\/fahrfair-herford.de\/wp-content\/uploads\/2026\/04\/SASKIA-2048x2048.png 2048w\" sizes=\"(max-width: 800px) 100vw, 800px\" \/>\t\t\t\t\t\t\t\t\t\t\t<figcaption class=\"widget-image-caption wp-caption-text\">Saskia<\/figcaption>\n\t\t\t\t\t\t\t\t\t\t<\/figure>\n\t\t\t\t\t\t\t\t\t<\/div>\n\t\t\t\t<\/div>\n\t\t\t\t<div class=\"elementor-element elementor-element-2156b2a elementor-widget elementor-widget-image\" data-id=\"2156b2a\" data-element_type=\"widget\" data-e-type=\"widget\" data-widget_type=\"image.default\">\n\t\t\t\t<div class=\"elementor-widget-container\">\n\t\t\t\t\t\t\t\t\t\t\t\t<figure class=\"wp-caption\">\n\t\t\t\t\t\t\t\t\t\t<img loading=\"lazy\" decoding=\"async\" width=\"800\" height=\"800\" src=\"https:\/\/fahrfair-herford.de\/wp-content\/uploads\/2025\/02\/4-1024x1024.png\" class=\"attachment-large size-large wp-image-820\" alt=\"\" srcset=\"https:\/\/fahrfair-herford.de\/wp-content\/uploads\/2025\/02\/4-1024x1024.png 1024w, https:\/\/fahrfair-herford.de\/wp-content\/uploads\/2025\/02\/4-300x300.png 300w, https:\/\/fahrfair-herford.de\/wp-content\/uploads\/2025\/02\/4-150x150.png 150w, https:\/\/fahrfair-herford.de\/wp-content\/uploads\/2025\/02\/4-768x768.png 768w, https:\/\/fahrfair-herford.de\/wp-content\/uploads\/2025\/02\/4.png 1080w\" sizes=\"(max-width: 800px) 100vw, 800px\" \/>\t\t\t\t\t\t\t\t\t\t\t<figcaption class=\"widget-image-caption wp-caption-text\">Stacy<\/figcaption>\n\t\t\t\t\t\t\t\t\t\t<\/figure>\n\t\t\t\t\t\t\t\t\t<\/div>\n\t\t\t\t<\/div>\n\t\t\t\t<div class=\"elementor-element elementor-element-c92d8d6 elementor-widget elementor-widget-image\" data-id=\"c92d8d6\" data-element_type=\"widget\" data-e-type=\"widget\" data-widget_type=\"image.default\">\n\t\t\t\t<div class=\"elementor-widget-container\">\n\t\t\t\t\t\t\t\t\t\t\t\t<figure class=\"wp-caption\">\n\t\t\t\t\t\t\t\t\t\t<img loading=\"lazy\" decoding=\"async\" width=\"800\" height=\"800\" src=\"https:\/\/fahrfair-herford.de\/wp-content\/uploads\/2026\/04\/LEON-1024x1024.png\" class=\"attachment-large size-large wp-image-1251\" alt=\"\" srcset=\"https:\/\/fahrfair-herford.de\/wp-content\/uploads\/2026\/04\/LEON-1024x1024.png 1024w, https:\/\/fahrfair-herford.de\/wp-content\/uploads\/2026\/04\/LEON-300x300.png 300w, https:\/\/fahrfair-herford.de\/wp-content\/uploads\/2026\/04\/LEON-150x150.png 150w, https:\/\/fahrfair-herford.de\/wp-content\/uploads\/2026\/04\/LEON-768x768.png 768w, https:\/\/fahrfair-herford.de\/wp-content\/uploads\/2026\/04\/LEON-1536x1536.png 1536w, https:\/\/fahrfair-herford.de\/wp-content\/uploads\/2026\/04\/LEON-2048x2048.png 2048w\" sizes=\"(max-width: 800px) 100vw, 800px\" \/>\t\t\t\t\t\t\t\t\t\t\t<figcaption class=\"widget-image-caption wp-caption-text\">Leon<\/figcaption>\n\t\t\t\t\t\t\t\t\t\t<\/figure>\n\t\t\t\t\t\t\t\t\t<\/div>\n\t\t\t\t<\/div>\n\t\t\t\t<div class=\"elementor-element elementor-element-ffd0839 elementor-widget elementor-widget-image\" data-id=\"ffd0839\" data-element_type=\"widget\" data-e-type=\"widget\" data-widget_type=\"image.default\">\n\t\t\t\t<div class=\"elementor-widget-container\">\n\t\t\t\t\t\t\t\t\t\t\t\t<figure class=\"wp-caption\">\n\t\t\t\t\t\t\t\t\t\t<img loading=\"lazy\" decoding=\"async\" width=\"800\" height=\"800\" src=\"https:\/\/fahrfair-herford.de\/wp-content\/uploads\/2026\/04\/BLACKY-1024x1024.png\" class=\"attachment-large size-large wp-image-1259\" alt=\"\" srcset=\"https:\/\/fahrfair-herford.de\/wp-content\/uploads\/2026\/04\/BLACKY-1024x1024.png 1024w, https:\/\/fahrfair-herford.de\/wp-content\/uploads\/2026\/04\/BLACKY-300x300.png 300w, https:\/\/fahrfair-herford.de\/wp-content\/uploads\/2026\/04\/BLACKY-150x150.png 150w, https:\/\/fahrfair-herford.de\/wp-content\/uploads\/2026\/04\/BLACKY-768x768.png 768w, https:\/\/fahrfair-herford.de\/wp-content\/uploads\/2026\/04\/BLACKY-1536x1536.png 1536w, https:\/\/fahrfair-herford.de\/wp-content\/uploads\/2026\/04\/BLACKY-2048x2048.png 2048w\" sizes=\"(max-width: 800px) 100vw, 800px\" \/>\t\t\t\t\t\t\t\t\t\t\t<figcaption class=\"widget-image-caption wp-caption-text\">Blacky<\/figcaption>\n\t\t\t\t\t\t\t\t\t\t<\/figure>\n\t\t\t\t\t\t\t\t\t<\/div>\n\t\t\t\t<\/div>\n\t\t\t\t<div class=\"elementor-element elementor-element-956d725 elementor-widget elementor-widget-image\" data-id=\"956d725\" data-element_type=\"widget\" data-e-type=\"widget\" data-widget_type=\"image.default\">\n\t\t\t\t<div class=\"elementor-widget-container\">\n\t\t\t\t\t\t\t\t\t\t\t\t<figure class=\"wp-caption\">\n\t\t\t\t\t\t\t\t\t\t<img loading=\"lazy\" decoding=\"async\" width=\"800\" height=\"800\" src=\"https:\/\/fahrfair-herford.de\/wp-content\/uploads\/2026\/04\/ERIC-1024x1024.png\" class=\"attachment-large size-large wp-image-1260\" alt=\"\" srcset=\"https:\/\/fahrfair-herford.de\/wp-content\/uploads\/2026\/04\/ERIC-1024x1024.png 1024w, https:\/\/fahrfair-herford.de\/wp-content\/uploads\/2026\/04\/ERIC-300x300.png 300w, https:\/\/fahrfair-herford.de\/wp-content\/uploads\/2026\/04\/ERIC-150x150.png 150w, https:\/\/fahrfair-herford.de\/wp-content\/uploads\/2026\/04\/ERIC-768x768.png 768w, https:\/\/fahrfair-herford.de\/wp-content\/uploads\/2026\/04\/ERIC-1536x1536.png 1536w, https:\/\/fahrfair-herford.de\/wp-content\/uploads\/2026\/04\/ERIC-2048x2048.png 2048w\" sizes=\"(max-width: 800px) 100vw, 800px\" \/>\t\t\t\t\t\t\t\t\t\t\t<figcaption class=\"widget-image-caption wp-caption-text\">Eric<\/figcaption>\n\t\t\t\t\t\t\t\t\t\t<\/figure>\n\t\t\t\t\t\t\t\t\t<\/div>\n\t\t\t\t<\/div>\n\t\t\t\t<div class=\"elementor-element elementor-element-50db824 elementor-widget elementor-widget-image\" data-id=\"50db824\" data-element_type=\"widget\" data-e-type=\"widget\" data-widget_type=\"image.default\">\n\t\t\t\t<div class=\"elementor-widget-container\">\n\t\t\t\t\t\t\t\t\t\t\t\t<figure class=\"wp-caption\">\n\t\t\t\t\t\t\t\t\t\t<img loading=\"lazy\" decoding=\"async\" width=\"800\" height=\"800\" src=\"https:\/\/fahrfair-herford.de\/wp-content\/uploads\/2026\/04\/MIKE-1024x1024.png\" class=\"attachment-large size-large wp-image-1255\" alt=\"\" srcset=\"https:\/\/fahrfair-herford.de\/wp-content\/uploads\/2026\/04\/MIKE-1024x1024.png 1024w, https:\/\/fahrfair-herford.de\/wp-content\/uploads\/2026\/04\/MIKE-300x300.png 300w, https:\/\/fahrfair-herford.de\/wp-content\/uploads\/2026\/04\/MIKE-150x150.png 150w, https:\/\/fahrfair-herford.de\/wp-content\/uploads\/2026\/04\/MIKE-768x768.png 768w, https:\/\/fahrfair-herford.de\/wp-content\/uploads\/2026\/04\/MIKE-1536x1536.png 1536w, https:\/\/fahrfair-herford.de\/wp-content\/uploads\/2026\/04\/MIKE-2048x2048.png 2048w\" sizes=\"(max-width: 800px) 100vw, 800px\" \/>\t\t\t\t\t\t\t\t\t\t\t<figcaption class=\"widget-image-caption wp-caption-text\">Mike<\/figcaption>\n\t\t\t\t\t\t\t\t\t\t<\/figure>\n\t\t\t\t\t\t\t\t\t<\/div>\n\t\t\t\t<\/div>\n\t\t\t\t<div class=\"elementor-element elementor-element-d1bdee1 elementor-widget elementor-widget-image\" data-id=\"d1bdee1\" data-element_type=\"widget\" data-e-type=\"widget\" data-widget_type=\"image.default\">\n\t\t\t\t<div class=\"elementor-widget-container\">\n\t\t\t\t\t\t\t\t\t\t\t\t<figure class=\"wp-caption\">\n\t\t\t\t\t\t\t\t\t\t<img loading=\"lazy\" decoding=\"async\" width=\"800\" height=\"800\" src=\"https:\/\/fahrfair-herford.de\/wp-content\/uploads\/2026\/04\/GULIANO-1024x1024.png\" class=\"attachment-large size-large wp-image-1262\" alt=\"\" srcset=\"https:\/\/fahrfair-herford.de\/wp-content\/uploads\/2026\/04\/GULIANO-1024x1024.png 1024w, https:\/\/fahrfair-herford.de\/wp-content\/uploads\/2026\/04\/GULIANO-300x300.png 300w, https:\/\/fahrfair-herford.de\/wp-content\/uploads\/2026\/04\/GULIANO-150x150.png 150w, https:\/\/fahrfair-herford.de\/wp-content\/uploads\/2026\/04\/GULIANO-768x768.png 768w, https:\/\/fahrfair-herford.de\/wp-content\/uploads\/2026\/04\/GULIANO-1536x1536.png 1536w, https:\/\/fahrfair-herford.de\/wp-content\/uploads\/2026\/04\/GULIANO-2048x2048.png 2048w\" sizes=\"(max-width: 800px) 100vw, 800px\" \/>\t\t\t\t\t\t\t\t\t\t\t<figcaption class=\"widget-image-caption wp-caption-text\">Guliano<\/figcaption>\n\t\t\t\t\t\t\t\t\t\t<\/figure>\n\t\t\t\t\t\t\t\t\t<\/div>\n\t\t\t\t<\/div>\n\t\t\t\t<div class=\"elementor-element elementor-element-ad254da elementor-widget elementor-widget-image\" data-id=\"ad254da\" data-element_type=\"widget\" data-e-type=\"widget\" data-widget_type=\"image.default\">\n\t\t\t\t<div class=\"elementor-widget-container\">\n\t\t\t\t\t\t\t\t\t\t\t\t<figure class=\"wp-caption\">\n\t\t\t\t\t\t\t\t\t\t<img loading=\"lazy\" decoding=\"async\" width=\"800\" height=\"800\" src=\"https:\/\/fahrfair-herford.de\/wp-content\/uploads\/2026\/04\/LUCA-1024x1024.png\" class=\"attachment-large size-large wp-image-1252\" alt=\"\" srcset=\"https:\/\/fahrfair-herford.de\/wp-content\/uploads\/2026\/04\/LUCA-1024x1024.png 1024w, https:\/\/fahrfair-herford.de\/wp-content\/uploads\/2026\/04\/LUCA-300x300.png 300w, https:\/\/fahrfair-herford.de\/wp-content\/uploads\/2026\/04\/LUCA-150x150.png 150w, https:\/\/fahrfair-herford.de\/wp-content\/uploads\/2026\/04\/LUCA-768x768.png 768w, https:\/\/fahrfair-herford.de\/wp-content\/uploads\/2026\/04\/LUCA-1536x1536.png 1536w, https:\/\/fahrfair-herford.de\/wp-content\/uploads\/2026\/04\/LUCA-2048x2048.png 2048w\" sizes=\"(max-width: 800px) 100vw, 800px\" \/>\t\t\t\t\t\t\t\t\t\t\t<figcaption class=\"widget-image-caption wp-caption-text\">Luca<\/figcaption>\n\t\t\t\t\t\t\t\t\t\t<\/figure>\n\t\t\t\t\t\t\t\t\t<\/div>\n\t\t\t\t<\/div>\n\t\t\t\t<div class=\"elementor-element elementor-element-6a77b25 elementor-widget elementor-widget-image\" data-id=\"6a77b25\" data-element_type=\"widget\" data-e-type=\"widget\" data-widget_type=\"image.default\">\n\t\t\t\t<div class=\"elementor-widget-container\">\n\t\t\t\t\t\t\t\t\t\t\t\t<figure class=\"wp-caption\">\n\t\t\t\t\t\t\t\t\t\t<img loading=\"lazy\" decoding=\"async\" width=\"800\" height=\"800\" src=\"https:\/\/fahrfair-herford.de\/wp-content\/uploads\/2025\/02\/8-1024x1024.png\" class=\"attachment-large size-large wp-image-824\" alt=\"\" srcset=\"https:\/\/fahrfair-herford.de\/wp-content\/uploads\/2025\/02\/8-1024x1024.png 1024w, https:\/\/fahrfair-herford.de\/wp-content\/uploads\/2025\/02\/8-300x300.png 300w, https:\/\/fahrfair-herford.de\/wp-content\/uploads\/2025\/02\/8-150x150.png 150w, https:\/\/fahrfair-herford.de\/wp-content\/uploads\/2025\/02\/8-768x768.png 768w, https:\/\/fahrfair-herford.de\/wp-content\/uploads\/2025\/02\/8.png 1080w\" sizes=\"(max-width: 800px) 100vw, 800px\" \/>\t\t\t\t\t\t\t\t\t\t\t<figcaption class=\"widget-image-caption wp-caption-text\">Reiner<\/figcaption>\n\t\t\t\t\t\t\t\t\t\t<\/figure>\n\t\t\t\t\t\t\t\t\t<\/div>\n\t\t\t\t<\/div>\n\t\t\t\t<div class=\"elementor-element elementor-element-891f747 elementor-widget elementor-widget-image\" data-id=\"891f747\" data-element_type=\"widget\" data-e-type=\"widget\" data-widget_type=\"image.default\">\n\t\t\t\t<div class=\"elementor-widget-container\">\n\t\t\t\t\t\t\t\t\t\t\t\t<figure class=\"wp-caption\">\n\t\t\t\t\t\t\t\t\t\t<img loading=\"lazy\" decoding=\"async\" width=\"800\" height=\"800\" src=\"https:\/\/fahrfair-herford.de\/wp-content\/uploads\/2026\/04\/SPORTY-1024x1024.png\" class=\"attachment-large size-large wp-image-1257\" alt=\"\" srcset=\"https:\/\/fahrfair-herford.de\/wp-content\/uploads\/2026\/04\/SPORTY-1024x1024.png 1024w, https:\/\/fahrfair-herford.de\/wp-content\/uploads\/2026\/04\/SPORTY-300x300.png 300w, https:\/\/fahrfair-herford.de\/wp-content\/uploads\/2026\/04\/SPORTY-150x150.png 150w, https:\/\/fahrfair-herford.de\/wp-content\/uploads\/2026\/04\/SPORTY-768x768.png 768w, https:\/\/fahrfair-herford.de\/wp-content\/uploads\/2026\/04\/SPORTY-1536x1536.png 1536w, https:\/\/fahrfair-herford.de\/wp-content\/uploads\/2026\/04\/SPORTY-2048x2048.png 2048w\" sizes=\"(max-width: 800px) 100vw, 800px\" \/>\t\t\t\t\t\t\t\t\t\t\t<figcaption class=\"widget-image-caption wp-caption-text\">Sporty<\/figcaption>\n\t\t\t\t\t\t\t\t\t\t<\/figure>\n\t\t\t\t\t\t\t\t\t<\/div>\n\t\t\t\t<\/div>\n\t\t\t\t<div class=\"elementor-element elementor-element-3b5ec9b elementor-widget elementor-widget-image\" data-id=\"3b5ec9b\" data-element_type=\"widget\" data-e-type=\"widget\" data-widget_type=\"image.default\">\n\t\t\t\t<div class=\"elementor-widget-container\">\n\t\t\t\t\t\t\t\t\t\t\t\t<figure class=\"wp-caption\">\n\t\t\t\t\t\t\t\t\t\t<img loading=\"lazy\" decoding=\"async\" width=\"800\" height=\"800\" src=\"https:\/\/fahrfair-herford.de\/wp-content\/uploads\/2026\/04\/MERLIN-1024x1024.png\" class=\"attachment-large size-large wp-image-1253\" alt=\"\" srcset=\"https:\/\/fahrfair-herford.de\/wp-content\/uploads\/2026\/04\/MERLIN-1024x1024.png 1024w, https:\/\/fahrfair-herford.de\/wp-content\/uploads\/2026\/04\/MERLIN-300x300.png 300w, https:\/\/fahrfair-herford.de\/wp-content\/uploads\/2026\/04\/MERLIN-150x150.png 150w, https:\/\/fahrfair-herford.de\/wp-content\/uploads\/2026\/04\/MERLIN-768x768.png 768w, https:\/\/fahrfair-herford.de\/wp-content\/uploads\/2026\/04\/MERLIN-1536x1536.png 1536w, https:\/\/fahrfair-herford.de\/wp-content\/uploads\/2026\/04\/MERLIN-2048x2048.png 2048w\" sizes=\"(max-width: 800px) 100vw, 800px\" \/>\t\t\t\t\t\t\t\t\t\t\t<figcaption class=\"widget-image-caption wp-caption-text\">Merlin<\/figcaption>\n\t\t\t\t\t\t\t\t\t\t<\/figure>\n\t\t\t\t\t\t\t\t\t<\/div>\n\t\t\t\t<\/div>\n\t\t\t\t<div class=\"elementor-element elementor-element-23dad58 elementor-widget elementor-widget-image\" data-id=\"23dad58\" data-element_type=\"widget\" data-e-type=\"widget\" data-widget_type=\"image.default\">\n\t\t\t\t<div class=\"elementor-widget-container\">\n\t\t\t\t\t\t\t\t\t\t\t\t<figure class=\"wp-caption\">\n\t\t\t\t\t\t\t\t\t\t<img loading=\"lazy\" decoding=\"async\" width=\"800\" height=\"800\" src=\"https:\/\/fahrfair-herford.de\/wp-content\/uploads\/2026\/04\/MICHAEL-1024x1024.png\" class=\"attachment-large size-large wp-image-1254\" alt=\"\" srcset=\"https:\/\/fahrfair-herford.de\/wp-content\/uploads\/2026\/04\/MICHAEL-1024x1024.png 1024w, https:\/\/fahrfair-herford.de\/wp-content\/uploads\/2026\/04\/MICHAEL-300x300.png 300w, https:\/\/fahrfair-herford.de\/wp-content\/uploads\/2026\/04\/MICHAEL-150x150.png 150w, https:\/\/fahrfair-herford.de\/wp-content\/uploads\/2026\/04\/MICHAEL-768x768.png 768w, https:\/\/fahrfair-herford.de\/wp-content\/uploads\/2026\/04\/MICHAEL-1536x1536.png 1536w, https:\/\/fahrfair-herford.de\/wp-content\/uploads\/2026\/04\/MICHAEL-2048x2048.png 2048w\" sizes=\"(max-width: 800px) 100vw, 800px\" \/>\t\t\t\t\t\t\t\t\t\t\t<figcaption class=\"widget-image-caption wp-caption-text\">Michael<\/figcaption>\n\t\t\t\t\t\t\t\t\t\t<\/figure>\n\t\t\t\t\t\t\t\t\t<\/div>\n\t\t\t\t<\/div>\n\t\t\t\t<div class=\"elementor-element elementor-element-a5ab9f3 elementor-widget elementor-widget-image\" data-id=\"a5ab9f3\" data-element_type=\"widget\" data-e-type=\"widget\" data-widget_type=\"image.default\">\n\t\t\t\t<div class=\"elementor-widget-container\">\n\t\t\t\t\t\t\t\t\t\t\t\t<figure class=\"wp-caption\">\n\t\t\t\t\t\t\t\t\t\t<img loading=\"lazy\" decoding=\"async\" width=\"800\" height=\"800\" src=\"https:\/\/fahrfair-herford.de\/wp-content\/uploads\/2026\/04\/MASSIMO-1024x1024.png\" class=\"attachment-large size-large wp-image-1270\" alt=\"\" srcset=\"https:\/\/fahrfair-herford.de\/wp-content\/uploads\/2026\/04\/MASSIMO-1024x1024.png 1024w, https:\/\/fahrfair-herford.de\/wp-content\/uploads\/2026\/04\/MASSIMO-300x300.png 300w, https:\/\/fahrfair-herford.de\/wp-content\/uploads\/2026\/04\/MASSIMO-150x150.png 150w, https:\/\/fahrfair-herford.de\/wp-content\/uploads\/2026\/04\/MASSIMO-768x768.png 768w, https:\/\/fahrfair-herford.de\/wp-content\/uploads\/2026\/04\/MASSIMO-1536x1536.png 1536w, https:\/\/fahrfair-herford.de\/wp-content\/uploads\/2026\/04\/MASSIMO-2048x2048.png 2048w\" sizes=\"(max-width: 800px) 100vw, 800px\" \/>\t\t\t\t\t\t\t\t\t\t\t<figcaption class=\"widget-image-caption wp-caption-text\">Massimo\n<\/figcaption>\n\t\t\t\t\t\t\t\t\t\t<\/figure>\n\t\t\t\t\t\t\t\t\t<\/div>\n\t\t\t\t<\/div>\n\t\t\t\t<\/div>\n\t\t\t\t\t<\/div>\n\t\t\t\t<\/div>\n\t\t\t\t<\/div>\n\t\t","protected":false},"excerpt":{"rendered":"<p>Unser Werdegang Am 03.01.2011 wurde Fahr Fair offiziell gegr\u00fcndet.Das ist nun schon fast 14 Jahre her.An die Anfangszeiten erinnert dieser kleine Zeitungsausschnitt. \u201cChef stellt auch Behinderte ein\u201d war damals f\u00fcr viele \u00fcberraschend. Und auch heute noch wundern sich viele, wie dies vereinbar ist. Wir k\u00f6nnen sagen, dass wir es nicht anders haben wollen w\u00fcrden und [&hellip;]<\/p>\n","protected":false},"author":1,"featured_media":791,"parent":0,"menu_order":0,"comment_status":"closed","ping_status":"closed","template":"","meta":{"footnotes":""},"class_list":["post-790","page","type-page","status-publish","has-post-thumbnail","hentry"],"_links":{"self":[{"href":"https:\/\/fahrfair-herford.de\/index.php\/wp-json\/wp\/v2\/pages\/790","targetHints":{"allow":["GET"]}}],"collection":[{"href":"https:\/\/fahrfair-herford.de\/index.php\/wp-json\/wp\/v2\/pages"}],"about":[{"href":"https:\/\/fahrfair-herford.de\/index.php\/wp-json\/wp\/v2\/types\/page"}],"author":[{"embeddable":true,"href":"https:\/\/fahrfair-herford.de\/index.php\/wp-json\/wp\/v2\/users\/1"}],"replies":[{"embeddable":true,"href":"https:\/\/fahrfair-herford.de\/index.php\/wp-json\/wp\/v2\/comments?post=790"}],"version-history":[{"count":67,"href":"https:\/\/fahrfair-herford.de\/index.php\/wp-json\/wp\/v2\/pages\/790\/revisions"}],"predecessor-version":[{"id":1273,"href":"https:\/\/fahrfair-herford.de\/index.php\/wp-json\/wp\/v2\/pages\/790\/revisions\/1273"}],"wp:featuredmedia":[{"embeddable":true,"href":"https:\/\/fahrfair-herford.de\/index.php\/wp-json\/wp\/v2\/media\/791"}],"wp:attachment":[{"href":"https:\/\/fahrfair-herford.de\/index.php\/wp-json\/wp\/v2\/media?parent=790"}],"curies":[{"name":"wp","href":"https:\/\/api.w.org\/{rel}","templated":true}]}}